{"id":12,"date":"2023-04-24T00:29:14","date_gmt":"2023-04-23T22:29:14","guid":{"rendered":"https:\/\/www.thenordicmark.com\/cz\/?page_id=12"},"modified":"2024-02-26T11:46:14","modified_gmt":"2024-02-26T10:46:14","slug":"produkty","status":"publish","type":"page","link":"https:\/\/www.thenordicmark.com\/cz\/produkty\/","title":{"rendered":"Produkty"},"content":{"rendered":"\n<p>Na\u0161e portfolio zna\u010dek tvo\u0159\u00ed p\u0159edev\u0161\u00edm zna\u010dky spole\u010dnost\u00ed zab\u00fdvaj\u00edc\u00edch se v\u00fdrobou dekorativn\u00edch a pr\u016fmyslov\u00fdch barev. Pe\u010dliv\u011b vybran\u00fd sortiment dok\u00e1\u017ee vyhov\u011bt v\u0161em po\u017eadavk\u016fm. A\u0165 u\u017e d\u00e1v\u00e1te p\u0159ednost dlouhodob\u00e9 kvalit\u011b nebo hled\u00e1te ekonomick\u00e9 v\u00fdrobky za p\u0159\u00edznivou cenu, jist\u011b najdete to nejvhodn\u011bj\u0161\u00ed \u0159e\u0161en\u00ed. P\u0159ev\u00e1\u017en\u00e1 \u010d\u00e1st sortimentu je ur\u010dena pro profesion\u00e1ln\u00ed pou\u017eit\u00ed ve stroj\u00edrenstv\u00ed i v d\u0159eva\u0159sk\u00e9m pr\u016fmyslu. Portfolio zna\u010dek je dopln\u011bno \u0161irokou \u0161k\u00e1lou mal\u00ed\u0159sk\u00fdch n\u00e1stroj\u016f, lepidel a dekorativn\u00edch produkt\u016f. Dal\u0161\u00ed informace o portfoliu na\u0161ich zna\u010dek naleznete na webov\u00fdch str\u00e1nk\u00e1ch jednotliv\u00fdch zem\u00ed.<\/p>\n","protected":false},"excerpt":{"rendered":"<p>Na\u0161e portfolio zna\u010dek tvo\u0159\u00ed p\u0159edev\u0161\u00edm zna\u010dky spole\u010dnost\u00ed zab\u00fdvaj\u00edc\u00edch se v\u00fdrobou dekorativn\u00edch a pr\u016fmyslov\u00fdch barev. Pe\u010dliv\u011b vybran\u00fd sortiment dok\u00e1\u017ee vyhov\u011bt v\u0161em po\u017eadavk\u016fm. A\u0165 u\u017e d\u00e1v\u00e1te p\u0159ednost dlouhodob\u00e9 kvalit\u011b nebo hled\u00e1te ekonomick\u00e9 v\u00fdrobky za p\u0159\u00edznivou cenu, jist\u011b najdete to nejvhodn\u011bj\u0161\u00ed \u0159e\u0161en\u00ed. P\u0159ev\u00e1\u017en\u00e1 \u010d\u00e1st sortimentu je ur\u010dena pro profesion\u00e1ln\u00ed pou\u017eit\u00ed ve stroj\u00edrenstv\u00ed i v d\u0159eva\u0159sk\u00e9m pr\u016fmyslu. Portfolio zna\u010dek [&hellip;]<\/p>\n","protected":false},"author":1,"featured_media":0,"parent":0,"menu_order":0,"comment_status":"closed","ping_status":"closed","template":"","meta":{"_acf_changed":false,"inline_featured_image":false,"footnotes":""},"class_list":["post-12","page","type-page","status-publish","hentry"],"acf":[],"_links":{"self":[{"href":"https:\/\/www.thenordicmark.com\/cz\/wp-json\/wp\/v2\/pages\/12","targetHints":{"allow":["GET"]}}],"collection":[{"href":"https:\/\/www.thenordicmark.com\/cz\/wp-json\/wp\/v2\/pages"}],"about":[{"href":"https:\/\/www.thenordicmark.com\/cz\/wp-json\/wp\/v2\/types\/page"}],"author":[{"embeddable":true,"href":"https:\/\/www.thenordicmark.com\/cz\/wp-json\/wp\/v2\/users\/1"}],"replies":[{"embeddable":true,"href":"https:\/\/www.thenordicmark.com\/cz\/wp-json\/wp\/v2\/comments?post=12"}],"version-history":[{"count":11,"href":"https:\/\/www.thenordicmark.com\/cz\/wp-json\/wp\/v2\/pages\/12\/revisions"}],"predecessor-version":[{"id":3629,"href":"https:\/\/www.thenordicmark.com\/cz\/wp-json\/wp\/v2\/pages\/12\/revisions\/3629"}],"wp:attachment":[{"href":"https:\/\/www.thenordicmark.com\/cz\/wp-json\/wp\/v2\/media?parent=12"}],"curies":[{"name":"wp","href":"https:\/\/api.w.org\/{rel}","templated":true}]}}