{"id":14,"date":"2023-04-24T00:29:24","date_gmt":"2023-04-23T22:29:24","guid":{"rendered":"https:\/\/thenordicmark.com\/hu\/?page_id=14"},"modified":"2026-03-17T15:41:48","modified_gmt":"2026-03-17T14:41:48","slug":"rolunk","status":"publish","type":"page","link":"https:\/\/www.thenordicmark.com\/hu\/rolunk\/","title":{"rendered":"R\u00f3lunk"},"content":{"rendered":"\n<p>A thenordicmark csoport pr\u00e9mium kateg\u00f3ri\u00e1j\u00fa dekor\u00e1ci\u00f3s fest\u00e9kek, ipari bevonatok, h\u0151szigetel\u0151 rendszerek, fest\u0151szersz\u00e1mok \u00e9s kapcsol\u00f3d\u00f3 term\u00e9kek vezet\u0151 forgalmaz\u00f3ja Magyarorsz\u00e1gon, Rom\u00e1ni\u00e1ban \u00e9s Csehorsz\u00e1gban. Egy\u00fcttm\u0171k\u00f6d\u00fcnk piacvezet\u0151 sz\u00e1ll\u00edt\u00f3 partnerekkel, vezet\u0151 m\u00e1rk\u00e1kat forgalmazunk. 120\u00a0szakemberb\u0151l \u00e1ll\u00f3 csapatunk, t\u00f6bb mint 1000 partnert szolg\u00e1l ki a r\u00e9gi\u00f3ban, partnerh\u00e1l\u00f3zatunk t\u00f6bb mint 450 sz\u00ednez\u0151g\u00e9ppel rendelkez\u0151 viszontelad\u00f3t tartalmaz. Tev\u00e9kenys\u00e9gi ter\u00fclet\u00fcnk lakoss\u00e1ga k\u00f6r\u00fclbel\u00fcl 36 milli\u00f3, a r\u00e9gi\u00f3ban a fest\u00e9kek \u00e9s bevonatok \u00fczlet\u00e1g becs\u00fclt m\u00e9rete meghaladja a 800 milli\u00f3 eur\u00f3t.<\/p>\n\n\n\n<div style=\"height:30px\" aria-hidden=\"true\" class=\"wp-block-spacer\"><\/div>\n\n\n\n<div class=\"wp-block-columns is-layout-flex wp-container-core-columns-is-layout-28f84493 wp-block-columns-is-layout-flex\">\n<div class=\"wp-block-column is-layout-flow wp-block-column-is-layout-flow\">\n<figure class=\"wp-block-image size-full is-style-default\"><img decoding=\"async\" width=\"683\" height=\"388\" src=\"https:\/\/www.thenordicmark.com\/hu\/wp-content\/uploads\/2023\/04\/onas1.jpg\" alt=\"\" class=\"wp-image-198\" srcset=\"https:\/\/www.thenordicmark.com\/hu\/wp-content\/uploads\/2023\/04\/onas1.jpg 683w, https:\/\/www.thenordicmark.com\/hu\/wp-content\/uploads\/2023\/04\/onas1-520x295.jpg 520w\" sizes=\"(max-width: 683px) 100vw, 683px\" \/><\/figure>\n<\/div>\n\n\n\n<div class=\"wp-block-column is-layout-flow wp-block-column-is-layout-flow\">\n<h3 class=\"wp-block-heading\">\u00c9P\u00cdT\u0150IPAR<\/h3>\n\n\n\n<h4 class=\"wp-block-heading\">Term\u00e9kek az eg\u00e9sz h\u00e1z r\u00e9sz\u00e9re<\/h4>\n\n\n\n<p>A fest\u00e9kek, fest\u0151szersz\u00e1mok \u00e9s ragaszt\u00f3k sz\u00e9les term\u00e9ksk\u00e1l\u00e1j\u00e1ban megtal\u00e1lhat\u00f3k lakkok, fest\u00e9kek, fap\u00e1cok, faipari term\u00e9kek, zom\u00e1ncok, vakolatok \u00e9s speci\u00e1lis hat\u00e1s\u00fa dekor\u00e1ci\u00f3s term\u00e9kek, gazdas\u00e1gos \u00e9s pr\u00e9mium min\u0151s\u00e9gben, szakemberek \u00e9s bark\u00e1csol\u00f3k r\u00e9sz\u00e9re.<\/p>\n\n\n\n<p>A term\u00e9kek belt\u00e9ri falak \u00e9s mennyezetek, fa fel\u00fcletek, mint pl. parketta, burkolatok, b\u00fatorok, fakorl\u00e1tok \u00e9s faker\u00edt\u00e9sek, valamint belt\u00e9ri \u00e9s k\u00fclt\u00e9ri f\u00e9m fel\u00fcletek kezel\u00e9s\u00e9re alkalmasak. A sz\u00e9les term\u00e9kk\u00edn\u00e1latot vakolatok \u00e9s homlokzati fest\u00e9kek eg\u00e9sz\u00edtik ki. Ig\u00e9nyes sz\u00ednkever\u0151 rendszer\u00fcnk r\u00e9v\u00e9n a term\u00e9kek t\u00f6bb ezer sz\u00ednben \u00e1llnak rendelkez\u00e9sre.<\/p>\n<\/div>\n<\/div>\n\n\n\n<div class=\"wp-block-columns is-layout-flex wp-container-core-columns-is-layout-28f84493 wp-block-columns-is-layout-flex\">\n<div class=\"wp-block-column is-layout-flow wp-block-column-is-layout-flow\">\n<h3 class=\"wp-block-heading\">F\u00c9MIPAR<\/h3>\n\n\n\n<h4 class=\"wp-block-heading\">Gy\u00e1rt\u00e1s, karbantart\u00e1s, hidak<\/h4>\n\n\n\n<p>F\u00e9mipari, professzion\u00e1lis felhaszn\u00e1l\u00e1sra sz\u00e1nt term\u00e9kek, melyek alkalmasak a gy\u00e1rt\u00e1s sor\u00e1n val\u00f3 haszn\u00e1latra, karbantart\u00f3 fest\u00e9sre, mez\u0151gazdas\u00e1gi g\u00e9pek fest\u00e9s\u00e9re, hidak hosszan tart\u00f3 bevonatoz\u00e1s\u00e1ra, tart\u00e1lyok \u00e9s ac\u00e9lszerkezetek, tov\u00e1bb\u00e1 speci\u00e1lis term\u00e9kek, az iv\u00f3v\u00edzell\u00e1t\u00e1s \u00e9s hullad\u00e9kgazd\u00e1lkod\u00e1s ter\u00fclet\u00e9n val\u00f3 alkalmaz\u00e1sra.<\/p>\n\n\n\n<p>A bevonatrendszereket gyors sz\u00e1rad\u00e1s jellemzi, \u00e9s alkalmasak gyors ciklus\u00fa gy\u00e1rt\u00f3sorokban val\u00f3 felhaszn\u00e1l\u00e1sra. A Temaspeed sz\u00ednez\u0151 rendszer seg\u00edts\u00e9g\u00e9vel a sz\u00ednek sz\u00e9les sk\u00e1l\u00e1ja \u00e1ll\u00edthat\u00f3 el\u0151, tov\u00e1bb\u00e1, mivel a term\u00e9kek kis kiszerel\u00e9sekben is rendelkez\u00e9sre \u00e1llnak, a k\u00e9szlettart\u00e1s nem sz\u00fcks\u00e9ges.<\/p>\n<\/div>\n\n\n\n<div class=\"wp-block-column is-layout-flow wp-block-column-is-layout-flow\">\n<figure class=\"wp-block-image size-full is-style-default\"><img decoding=\"async\" width=\"683\" height=\"388\" src=\"https:\/\/www.thenordicmark.com\/hu\/wp-content\/uploads\/2023\/04\/onas2.jpg\" alt=\"\" class=\"wp-image-199\" srcset=\"https:\/\/www.thenordicmark.com\/hu\/wp-content\/uploads\/2023\/04\/onas2.jpg 683w, https:\/\/www.thenordicmark.com\/hu\/wp-content\/uploads\/2023\/04\/onas2-520x295.jpg 520w\" sizes=\"(max-width: 683px) 100vw, 683px\" \/><\/figure>\n<\/div>\n<\/div>\n\n\n\n<div class=\"wp-block-columns is-layout-flex wp-container-core-columns-is-layout-28f84493 wp-block-columns-is-layout-flex\">\n<div class=\"wp-block-column is-layout-flow wp-block-column-is-layout-flow\">\n<figure class=\"wp-block-image size-full is-style-default\"><img decoding=\"async\" width=\"683\" height=\"388\" src=\"https:\/\/www.thenordicmark.com\/hu\/wp-content\/uploads\/2023\/04\/onas3.jpg\" alt=\"\" class=\"wp-image-200\" srcset=\"https:\/\/www.thenordicmark.com\/hu\/wp-content\/uploads\/2023\/04\/onas3.jpg 683w, https:\/\/www.thenordicmark.com\/hu\/wp-content\/uploads\/2023\/04\/onas3-520x295.jpg 520w\" sizes=\"(max-width: 683px) 100vw, 683px\" \/><\/figure>\n<\/div>\n\n\n\n<div class=\"wp-block-column is-layout-flow wp-block-column-is-layout-flow\">\n<h3 class=\"wp-block-heading\">FAIPAR<\/h3>\n\n\n\n<h4 class=\"wp-block-heading\">Ny\u00edl\u00e1sz\u00e1r\u00f3k \u00e9s b\u00fatorok<\/h4>\n\n\n\n<p>Professzion\u00e1lis bevonatrendszerek, ragaszt\u00f3k \u00e9s fest\u0151berendez\u00e9sek a fafeldolgoz\u00f3 \u00e9s b\u00fatorgy\u00e1rt\u00f3 ipar sz\u00e1m\u00e1ra. A term\u00e9kk\u00edn\u00e1latban megtal\u00e1lhat\u00f3k ny\u00edl\u00e1sz\u00e1r\u00f3k \u00e9s belt\u00e9ri b\u00fatorok, fah\u00e1zak \u00e9s \u2013szerkezetek gy\u00e1rt\u00e1sa sor\u00e1n felhaszn\u00e1lhat\u00f3 term\u00e9kek, tov\u00e1bb\u00e1 zsaluzat \u00e9s fa szerkezetek jav\u00edt\u00f3 fest\u00e9s\u00e9re alkalmas fest\u00e9kek.<\/p>\n\n\n\n<p>A bevonatrendszereket gyors sz\u00e1rad\u00e1s jellemzi, \u00e9s alkalmasak gyors ciklus\u00fa gy\u00e1rt\u00f3sorokban val\u00f3 felhaszn\u00e1l\u00e1sra. A sz\u00ednez\u0151 rendszer seg\u00edts\u00e9g\u00e9vel a sz\u00ednek sz\u00e9les sk\u00e1l\u00e1ja \u00e1ll\u00edthat\u00f3 el\u0151, tov\u00e1bb\u00e1, mivel a term\u00e9kek kis kiszerel\u00e9sekben is rendelkez\u00e9sre \u00e1llnak, a k\u00e9szlettart\u00e1s nem sz\u00fcks\u00e9ges.<\/p>\n<\/div>\n<\/div>\n","protected":false},"excerpt":{"rendered":"<p>A thenordicmark csoport pr\u00e9mium kateg\u00f3ri\u00e1j\u00fa dekor\u00e1ci\u00f3s fest\u00e9kek, ipari bevonatok, h\u0151szigetel\u0151 rendszerek, fest\u0151szersz\u00e1mok \u00e9s kapcsol\u00f3d\u00f3 term\u00e9kek vezet\u0151 forgalmaz\u00f3ja Magyarorsz\u00e1gon, Rom\u00e1ni\u00e1ban \u00e9s Csehorsz\u00e1gban. Egy\u00fcttm\u0171k\u00f6d\u00fcnk piacvezet\u0151 sz\u00e1ll\u00edt\u00f3 partnerekkel, vezet\u0151 m\u00e1rk\u00e1kat forgalmazunk. 120\u00a0szakemberb\u0151l \u00e1ll\u00f3 csapatunk, t\u00f6bb mint 1000 partnert szolg\u00e1l ki a r\u00e9gi\u00f3ban, partnerh\u00e1l\u00f3zatunk t\u00f6bb mint 450 sz\u00ednez\u0151g\u00e9ppel rendelkez\u0151 viszontelad\u00f3t tartalmaz. Tev\u00e9kenys\u00e9gi ter\u00fclet\u00fcnk lakoss\u00e1ga k\u00f6r\u00fclbel\u00fcl 36 milli\u00f3, a r\u00e9gi\u00f3ban [&hellip;]<\/p>\n","protected":false},"author":1,"featured_media":196,"parent":0,"menu_order":0,"comment_status":"closed","ping_status":"closed","template":"","meta":{"_acf_changed":false,"inline_featured_image":false,"footnotes":""},"class_list":["post-14","page","type-page","status-publish","has-post-thumbnail","hentry"],"acf":[],"_links":{"self":[{"href":"https:\/\/www.thenordicmark.com\/hu\/wp-json\/wp\/v2\/pages\/14","targetHints":{"allow":["GET"]}}],"collection":[{"href":"https:\/\/www.thenordicmark.com\/hu\/wp-json\/wp\/v2\/pages"}],"about":[{"href":"https:\/\/www.thenordicmark.com\/hu\/wp-json\/wp\/v2\/types\/page"}],"author":[{"embeddable":true,"href":"https:\/\/www.thenordicmark.com\/hu\/wp-json\/wp\/v2\/users\/1"}],"replies":[{"embeddable":true,"href":"https:\/\/www.thenordicmark.com\/hu\/wp-json\/wp\/v2\/comments?post=14"}],"version-history":[{"count":18,"href":"https:\/\/www.thenordicmark.com\/hu\/wp-json\/wp\/v2\/pages\/14\/revisions"}],"predecessor-version":[{"id":4226,"href":"https:\/\/www.thenordicmark.com\/hu\/wp-json\/wp\/v2\/pages\/14\/revisions\/4226"}],"wp:featuredmedia":[{"embeddable":true,"href":"https:\/\/www.thenordicmark.com\/hu\/wp-json\/wp\/v2\/media\/196"}],"wp:attachment":[{"href":"https:\/\/www.thenordicmark.com\/hu\/wp-json\/wp\/v2\/media?parent=14"}],"curies":[{"name":"wp","href":"https:\/\/api.w.org\/{rel}","templated":true}]}}